{"id":99,"date":"2026-03-29T19:56:17","date_gmt":"2026-03-29T19:56:17","guid":{"rendered":"https:\/\/lababertobootcamp.pt\/?page_id=99"},"modified":"2026-04-09T18:05:23","modified_gmt":"2026-04-09T18:05:23","slug":"precario","status":"publish","type":"page","link":"https:\/\/lababertobootcamp.pt\/index.php\/precario\/","title":{"rendered":"Pre\u00e7\u00e1rio"},"content":{"rendered":"\n<p><strong>Nota importante:<\/strong> at\u00e9 ao final de maio, alguns bilhetes, t\u00eam um desconto de 25%<\/p>\n\n\n\n<p><strong><em>Important note: <\/em><\/strong><em>Until the end of May, select tickets are available at a 25% discount<\/em><\/p>\n\n\n\n<div class=\"wp-block-buttons is-layout-flex wp-block-buttons-is-layout-flex\">\n<div class=\"wp-block-button is-style-outline is-style-outline--1\"><a class=\"wp-block-button__link wp-element-button\" href=\"https:\/\/forms.gle\/TJrKus4siYoZXGKP8\"><mark style=\"background-color:rgba(0, 0, 0, 0)\" class=\"has-inline-color has-luminous-vivid-orange-color\">Regista-te aqui \/ Register here<\/mark><\/a><\/div>\n<\/div>\n\n\n\n<div class=\"wp-block-columns alignwide is-layout-flex wp-container-core-columns-is-layout-829b1d53 wp-block-columns-is-layout-flex\" style=\"margin-bottom:0\">\n<div class=\"wp-block-column has-text-color has-background has-link-color wp-elements-8385b516bba6cb58978e3db8148aaf5c is-layout-flow wp-block-column-is-layout-flow\" style=\"color:#000000;background-color:#ffe97d;padding-top:2em;padding-right:2em;padding-bottom:2em;padding-left:2em\">\n<h2 class=\"wp-block-heading\" id=\"single\" style=\"font-size:40px\"><strong>Bilhete Geral \/ G<\/strong>eneral admission ticket<\/h2>\n\n\n\n<p class=\"has-normal-font-size\" style=\"line-height:1.5\"><strong>At\u00e9 maio de 2026<\/strong><\/p>\n\n\n\n<hr class=\"wp-block-separator has-text-color has-css-opacity has-background is-style-wide\" style=\"background-color:#000000;color:#000000\"\/>\n\n\n\n<ul class=\"wp-block-list has-normal-font-size\">\n<li>Acesso \u00e0s palestras de 17 e 18 julho<\/li>\n\n\n\n<li>Acesso a 6 oficinas, com dura\u00e7\u00e3o de 1,5h cada<\/li>\n\n\n\n<li>Acesso \u00e0 zona de demonstra\u00e7\u00f5es<\/li>\n<\/ul>\n\n\n\n<ul class=\"wp-block-list has-normal-font-size\">\n<li>Talks July 17 and 18<\/li>\n\n\n\n<li>6 workshops with a duration of 1,5h each <\/li>\n\n\n\n<li>Demos \u00e1rea<\/li>\n<\/ul>\n\n\n\n<div class=\"wp-block-buttons alignfull is-horizontal is-content-justification-center is-layout-flex wp-container-core-buttons-is-layout-499968f5 wp-block-buttons-is-layout-flex\">\n<div class=\"wp-block-button has-custom-width wp-block-button__width-100\"><a class=\"wp-block-button__link has-white-color has-text-color has-background no-border-radius wp-element-button\" style=\"background-color:#000000\">90 euros<\/a><\/div>\n<\/div>\n\n\n\n<p>N\u00e3o inclui refei\u00e7\u00f5es<\/p>\n\n\n\n<p>Doesn&#8217;t include meals<\/p>\n<\/div>\n\n\n\n<div class=\"wp-block-column has-text-color has-background has-link-color wp-elements-c266739dd8d565fa878855acf9261b47 is-layout-flow wp-block-column-is-layout-flow\" style=\"color:#000000;background-color:#d1d1e1;padding-top:2em;padding-right:2em;padding-bottom:2em;padding-left:2em\">\n<h2 class=\"wp-block-heading\" id=\"family\" style=\"font-size:40px\"><strong>Palestras<\/strong> \/ Talks<\/h2>\n\n\n\n<p class=\"has-normal-font-size\" style=\"line-height:1.5\"><strong>At\u00e9 Maio de 2026<\/strong><\/p>\n\n\n\n<hr class=\"wp-block-separator has-css-opacity is-style-wide\"\/>\n\n\n\n<ul class=\"wp-block-list has-normal-font-size\">\n<li>Acesso \u00e0s 4 palestras dos dias 17 e 18 julho e debates <\/li>\n\n\n\n<li>Acesso \u00e0s demonstra\u00e7\u00f5es<\/li>\n<\/ul>\n\n\n\n<div class=\"wp-block-buttons alignfull is-horizontal is-content-justification-center is-layout-flex wp-container-core-buttons-is-layout-499968f5 wp-block-buttons-is-layout-flex\">\n<div class=\"wp-block-button has-custom-width wp-block-button__width-100 is-style-fill\"><a class=\"wp-block-button__link has-white-color has-text-color has-background no-border-radius wp-element-button\" style=\"background-color:#000000\">30 euros<\/a><\/div>\n<\/div>\n<\/div>\n\n\n\n<div class=\"wp-block-column has-text-color has-background has-link-color wp-elements-6f4502fbcf6229842d1c93766d71da57 is-layout-flow wp-block-column-is-layout-flow\" style=\"color:#000000;background-color:#c0ebf1;padding-top:2em;padding-right:2em;padding-bottom:2em;padding-left:2em\">\n<h2 class=\"wp-block-heading\" id=\"patron\" style=\"font-size:40px\">ACD 6h \/ Teacher Training<\/h2>\n\n\n\n<p class=\"has-normal-font-size\"><strong>Espa\u00e7os Flex\u00edveis de Aprendizagem<\/strong><\/p>\n\n\n\n<p><em>Flex\u00edble Learning Spaces<\/em><\/p>\n\n\n\n<hr class=\"wp-block-separator has-css-opacity is-style-wide\"\/>\n\n\n\n<ul class=\"wp-block-list has-normal-font-size\">\n<li>Forma\u00e7\u00e3o de professores 6h<\/li>\n\n\n\n<li>Duas palestras e debate<\/li>\n\n\n\n<li>Duas oficinas de 1,5 horas cada<\/li>\n<\/ul>\n\n\n\n<div class=\"wp-block-buttons alignfull is-horizontal is-content-justification-center is-layout-flex wp-container-core-buttons-is-layout-499968f5 wp-block-buttons-is-layout-flex\">\n<div class=\"wp-block-button has-custom-width wp-block-button__width-100\"><a class=\"wp-block-button__link has-white-color has-text-color has-background no-border-radius wp-element-button\" style=\"background-color:#000000\">30 euros<\/a><\/div>\n<\/div>\n<\/div>\n<\/div>\n\n\n\n<div class=\"wp-block-columns alignwide is-layout-flex wp-container-core-columns-is-layout-829b1d53 wp-block-columns-is-layout-flex\" style=\"margin-bottom:0\">\n<div class=\"wp-block-column has-text-color has-background has-link-color wp-elements-847e7a983f0c01b5dd37450e3ab33569 is-layout-flow wp-block-column-is-layout-flow\" style=\"color:#000000;background-color:#ffe97d;padding-top:2em;padding-right:2em;padding-bottom:2em;padding-left:2em\">\n<h2 class=\"wp-block-heading\" id=\"single\" style=\"font-size:40px\">Encontro Nacional de FAB LAB \/ National FAB LAB meeting<\/h2>\n\n\n\n<p class=\"has-normal-font-size\" style=\"line-height:1.5\"><strong>A nossa comunidade em Portugal!<\/strong><\/p>\n\n\n\n<p><em>Our portuguese community<\/em><\/p>\n\n\n\n<hr class=\"wp-block-separator has-text-color has-css-opacity has-background is-style-wide\" style=\"background-color:#000000;color:#000000\"\/>\n\n\n\n<ul class=\"wp-block-list has-normal-font-size\">\n<li>Palestras e debate<\/li>\n<\/ul>\n\n\n\n<div class=\"wp-block-buttons alignfull is-horizontal is-content-justification-center is-layout-flex wp-container-core-buttons-is-layout-499968f5 wp-block-buttons-is-layout-flex\">\n<div class=\"wp-block-button has-custom-width wp-block-button__width-100\"><a class=\"wp-block-button__link has-white-color has-text-color has-background no-border-radius wp-element-button\" style=\"background-color:#000000\">5 euros<\/a><\/div>\n<\/div>\n<\/div>\n\n\n\n<div class=\"wp-block-column has-text-color has-background has-link-color wp-elements-eb961a0ac18c89bc4af397302eb65ad2 is-layout-flow wp-block-column-is-layout-flow\" style=\"color:#000000;background-color:#d1d1e1;padding-top:2em;padding-right:2em;padding-bottom:2em;padding-left:2em\">\n<h2 class=\"wp-block-heading\" id=\"family\" style=\"font-size:40px\">Oficinas \/ Workshops<\/h2>\n\n\n\n<p class=\"has-normal-font-size\" style=\"line-height:1.5\"><strong>A tua escolha<\/strong><\/p>\n\n\n\n<p><em>your choice<\/em><\/p>\n\n\n\n<hr class=\"wp-block-separator has-css-opacity is-style-wide\"\/>\n\n\n\n<ul class=\"wp-block-list has-normal-font-size\">\n<li>Cada oficina tem a dura\u00e7\u00e3o de 1,5 h<\/li>\n<\/ul>\n\n\n\n<div class=\"wp-block-buttons alignfull is-horizontal is-content-justification-center is-layout-flex wp-container-core-buttons-is-layout-499968f5 wp-block-buttons-is-layout-flex\">\n<div class=\"wp-block-button has-custom-width wp-block-button__width-100 is-style-fill\"><a class=\"wp-block-button__link has-white-color has-text-color has-background no-border-radius wp-element-button\" style=\"background-color:#000000\">15 euros<\/a><\/div>\n<\/div>\n<\/div>\n\n\n\n<div class=\"wp-block-column has-text-color has-background has-link-color wp-elements-13c57e79fbd834ac4555f092045f867e is-layout-flow wp-block-column-is-layout-flow\" style=\"color:#000000;background-color:#c0ebf1;padding-top:2em;padding-right:2em;padding-bottom:2em;padding-left:2em\">\n<h2 class=\"wp-block-heading\" id=\"patron\" style=\"font-size:40px\"><strong>Almo\u00e7os<\/strong><\/h2>\n\n\n\n<p class=\"has-normal-font-size\"><strong>Intervalos importantes<\/strong> \/ <em>Important breaks<\/em><\/p>\n\n\n\n<hr class=\"wp-block-separator has-css-opacity is-style-wide\"\/>\n\n\n\n<div class=\"wp-block-buttons alignfull is-horizontal is-content-justification-center is-layout-flex wp-container-core-buttons-is-layout-499968f5 wp-block-buttons-is-layout-flex\">\n<div class=\"wp-block-button has-custom-width wp-block-button__width-100\"><a class=\"wp-block-button__link has-white-color has-text-color has-background no-border-radius wp-element-button\" style=\"background-color:#000000\">15 euros<\/a><\/div>\n<\/div>\n<\/div>\n<\/div>\n\n\n\n<div class=\"wp-block-columns alignwide is-layout-flex wp-container-core-columns-is-layout-829b1d53 wp-block-columns-is-layout-flex\" style=\"margin-bottom:0\">\n<div class=\"wp-block-column has-text-color has-background has-link-color wp-elements-054cf2204d481326d4a873fe3e36cb56 is-layout-flow wp-block-column-is-layout-flow\" style=\"color:#000000;background-color:#ffe97d;padding-top:2em;padding-right:2em;padding-bottom:2em;padding-left:2em\">\n<h2 class=\"wp-block-heading\" id=\"single\" style=\"font-size:40px\"><strong>Jantar Maker<\/strong><\/h2>\n\n\n\n<p>Enriquecer a nossa comunidade \/ <strong>Enrich our growing community.<\/strong> <\/p>\n\n\n\n<hr class=\"wp-block-separator has-text-color has-css-opacity has-background is-style-wide\" style=\"background-color:#000000;color:#000000\"\/>\n\n\n\n<ul class=\"wp-block-list has-normal-font-size\">\n<li>Ir\u00e1s aprender com dois chefs a fazer o teu pr\u00f3prio jantar<\/li>\n\n\n\n<li>Sobremesa<\/li>\n\n\n\n<li>Entrada<\/li>\n\n\n\n<li>Ir\u00e1s aprender com dois chefs a fazer o teu pr\u00f3prio jantar<\/li>\n<\/ul>\n\n\n\n<hr class=\"wp-block-separator has-text-color has-css-opacity has-background is-style-wide\" style=\"background-color:#000000;color:#000000\"\/>\n\n\n\n<ul class=\"wp-block-list has-normal-font-size\">\n<li><em>Make your own dinner by learning with two portuguese chefs<\/em><\/li>\n\n\n\n<li><em>Dissert<\/em><\/li>\n\n\n\n<li><em>Main meal<\/em><\/li>\n\n\n\n<li><em>Soop<\/em><\/li>\n<\/ul>\n\n\n\n<div class=\"wp-block-buttons alignfull is-horizontal is-content-justification-center is-layout-flex wp-container-core-buttons-is-layout-499968f5 wp-block-buttons-is-layout-flex\">\n<div class=\"wp-block-button has-custom-width wp-block-button__width-100\"><a class=\"wp-block-button__link has-white-color has-text-color has-background no-border-radius wp-element-button\" style=\"background-color:#000000\">25 euros<\/a><\/div>\n<\/div>\n\n\n\n<hr class=\"wp-block-separator has-text-color has-css-opacity has-background is-style-wide\" style=\"background-color:#000000;color:#000000\"\/>\n<\/div>\n\n\n\n<div class=\"wp-block-column has-text-color has-background has-link-color wp-elements-44fdd8a5748e110f61b2fdb44916ca50 is-layout-flow wp-block-column-is-layout-flow\" style=\"color:#000000;background-color:#d1d1e1;padding-top:2em;padding-right:2em;padding-bottom:2em;padding-left:2em\">\n<h2 class=\"wp-block-heading\" id=\"family\" style=\"font-size:40px\">Festa<\/h2>\n\n\n\n<p class=\"has-normal-font-size\" style=\"line-height:1.5\"><strong>Divers\u00e3o<\/strong> \/ Party<\/p>\n\n\n\n<hr class=\"wp-block-separator has-css-opacity is-style-wide\"\/>\n\n\n\n<ul class=\"wp-block-list has-normal-font-size\">\n<li>Instrumentos impressos em 3D, M\u00e1rio Estanislau<\/li>\n\n\n\n<li>Festa ARDUINO<\/li>\n\n\n\n<li>DJ anos 80<\/li>\n\n\n\n<li>Cocktails Maker<\/li>\n\n\n\n<li><em>3D printed instruments<\/em>, M\u00e1rio Est\u00e1nislau<\/li>\n\n\n\n<li>ARDUINO Party<\/li>\n\n\n\n<li>DJ 80&#8217;s<\/li>\n\n\n\n<li>Cocktails Maker<\/li>\n<\/ul>\n\n\n\n<div class=\"wp-block-buttons alignfull is-horizontal is-content-justification-center is-layout-flex wp-container-core-buttons-is-layout-499968f5 wp-block-buttons-is-layout-flex\">\n<div class=\"wp-block-button has-custom-width wp-block-button__width-100 is-style-fill\"><a class=\"wp-block-button__link has-white-color has-text-color has-background no-border-radius wp-element-button\" style=\"background-color:#000000\">5 euros<\/a><\/div>\n<\/div>\n\n\n\n<p>Bebidas n\u00e3o inclu\u00eddas<\/p>\n\n\n\n<p><em>Drinks not included<\/em><\/p>\n<\/div>\n\n\n\n<div class=\"wp-block-column has-text-color has-background has-link-color wp-elements-bfa7146b7c630e7b5f05ae0602728eaa is-layout-flow wp-block-column-is-layout-flow\" style=\"color:#000000;background-color:#c0ebf1;padding-top:2em;padding-right:2em;padding-bottom:2em;padding-left:2em\">\n<h2 class=\"wp-block-heading\" id=\"patron\" style=\"font-size:40px\"><strong>Piquenique<\/strong><\/h2>\n\n\n\n<p class=\"has-normal-font-size\">Ar livre \/ Open air activity<\/p>\n\n\n\n<p>Convers \/ Talk<\/p>\n\n\n\n<hr class=\"wp-block-separator has-css-opacity is-style-wide\"\/>\n\n\n\n<ul class=\"wp-block-list has-normal-font-size\">\n<li>Almo\u00e7o piquenique<\/li>\n\n\n\n<li>Jogos tradicionais<\/li>\n<\/ul>\n\n\n\n<div class=\"wp-block-buttons alignfull is-horizontal is-content-justification-center is-layout-flex wp-container-core-buttons-is-layout-499968f5 wp-block-buttons-is-layout-flex\">\n<div class=\"wp-block-button has-custom-width wp-block-button__width-100\"><a class=\"wp-block-button__link has-white-color has-text-color has-background no-border-radius wp-element-button\" style=\"background-color:#000000\">10 euros<\/a><\/div>\n<\/div>\n<\/div>\n<\/div>\n\n\n\n<hr class=\"wp-block-separator has-alpha-channel-opacity\"\/>\n\n\n\n<p><strong>Nota importante:<\/strong> pre\u00e7os a partir de julho 2026 \/ <strong><em>Important note: <\/em><\/strong><em>The price listed<\/em> <em>bellow updated in June<\/em><\/p>\n\n\n\n<p>Bilhete geral \/ General Ticket, 120 euros<\/p>\n\n\n\n<p>Palestras \/ Talks, 40 euros<\/p>\n\n\n\n<p>ACD 6h \/ Teacher trainning, 40 euros<\/p>\n\n\n\n<p>Encontro Nacional FAB LAB \/ FAB LAB National Meeting, 5 euros<\/p>\n\n\n\n<p>Oficinas \/ Workshops, 20 euros<\/p>\n\n\n\n<p>Almo\u00e7os \/ Lunches, 15 euros\/ cada \/each<\/p>\n\n\n\n<p>Jantar Maker \/ Maker Dinner , 25 euros<\/p>\n\n\n\n<p>Festa \/ Party, 5 euros<\/p>\n\n\n\n<p>Piquenique \/ Picnic, 10 euros<\/p>\n\n\n\n<div class=\"wp-block-buttons is-layout-flex wp-block-buttons-is-layout-flex\">\n<div class=\"wp-block-button is-style-outline is-style-outline--2\"><a class=\"wp-block-button__link wp-element-button\" href=\"https:\/\/forms.gle\/TJrKus4siYoZXGKP8\"><mark style=\"background-color:rgba(0, 0, 0, 0)\" class=\"has-inline-color has-luminous-vivid-orange-color\">Regista-te aqui \/ Register here<\/mark><\/a><\/div>\n<\/div>\n","protected":false},"excerpt":{"rendered":"<p>Nota importante: at\u00e9 ao final de maio, alguns bilhetes, t\u00eam um desconto de 25% Important note: Until the end of May, select tickets are available at a 25% discount Bilhete Geral \/ General admission ticket At\u00e9 maio de 2026 N\u00e3o inclui refei\u00e7\u00f5es Doesn&#8217;t include meals Palestras \/ Talks At\u00e9 Maio de 2026 ACD 6h \/ &hellip; <\/p>\n","protected":false},"author":1,"featured_media":0,"parent":0,"menu_order":0,"comment_status":"closed","ping_status":"closed","template":"","meta":{"footnotes":""},"class_list":["post-99","page","type-page","status-publish","hentry","latest_post"],"_links":{"self":[{"href":"https:\/\/lababertobootcamp.pt\/index.php\/wp-json\/wp\/v2\/pages\/99","targetHints":{"allow":["GET"]}}],"collection":[{"href":"https:\/\/lababertobootcamp.pt\/index.php\/wp-json\/wp\/v2\/pages"}],"about":[{"href":"https:\/\/lababertobootcamp.pt\/index.php\/wp-json\/wp\/v2\/types\/page"}],"author":[{"embeddable":true,"href":"https:\/\/lababertobootcamp.pt\/index.php\/wp-json\/wp\/v2\/users\/1"}],"replies":[{"embeddable":true,"href":"https:\/\/lababertobootcamp.pt\/index.php\/wp-json\/wp\/v2\/comments?post=99"}],"version-history":[{"count":13,"href":"https:\/\/lababertobootcamp.pt\/index.php\/wp-json\/wp\/v2\/pages\/99\/revisions"}],"predecessor-version":[{"id":768,"href":"https:\/\/lababertobootcamp.pt\/index.php\/wp-json\/wp\/v2\/pages\/99\/revisions\/768"}],"wp:attachment":[{"href":"https:\/\/lababertobootcamp.pt\/index.php\/wp-json\/wp\/v2\/media?parent=99"}],"curies":[{"name":"wp","href":"https:\/\/api.w.org\/{rel}","templated":true}]}}