{"id":775,"date":"2026-04-09T19:35:38","date_gmt":"2026-04-09T19:35:38","guid":{"rendered":"https:\/\/lababertobootcamp.pt\/?page_id=775"},"modified":"2026-04-10T21:13:18","modified_gmt":"2026-04-10T21:13:18","slug":"nota-de-imprensa","status":"publish","type":"page","link":"https:\/\/lababertobootcamp.pt\/index.php\/nota-de-imprensa\/","title":{"rendered":"Imprensa \/ Press"},"content":{"rendered":"\n<figure class=\"wp-block-gallery has-nested-images columns-default is-cropped wp-block-gallery-1 is-layout-flex wp-block-gallery-is-layout-flex\">\n<figure class=\"wp-block-image size-large\"><img decoding=\"async\" data-id=\"770\" src=\"data:image\/gif;base64,R0lGODlhAQABAAAAACH5BAEKAAEALAAAAAABAAEAAAICTAEAOw==\" data-layzr=\"https:\/\/lababertobootcamp.pt\/wp-content\/uploads\/2026\/04\/1.png\" alt=\"\" class=\"wp-image-770\"\/><\/figure>\n\n\n\n<figure class=\"wp-block-image size-large\"><img decoding=\"async\" data-id=\"771\" src=\"data:image\/gif;base64,R0lGODlhAQABAAAAACH5BAEKAAEALAAAAAABAAEAAAICTAEAOw==\" data-layzr=\"https:\/\/lababertobootcamp.pt\/wp-content\/uploads\/2026\/04\/Inscricoes-abertasING.png\" alt=\"\" class=\"wp-image-771\"\/><\/figure>\n<\/figure>\n\n\n\n<h2 class=\"wp-block-heading\"><strong>Lab Aberto Bootcamp 2026 re\u00fane comunidade internacional de FAB LAB em Torres Vedras<\/strong><\/h2>\n\n\n\n<p>O Lab Aberto FAB LAB anunciou hoje a realiza\u00e7\u00e3o do Lab Aberto Bootcamp 2026, que decorrer\u00e1 entre 15 e 19 de julho de 2026, em Torres Vedras.<\/p>\n\n\n\n<p>O evento reunir\u00e1 participantes de v\u00e1rios pa\u00edses para discutir o papel dos FAB LAB e dos espa\u00e7os maker na educa\u00e7\u00e3o, inova\u00e7\u00e3o e desenvolvimento social.<\/p>\n\n\n\n<p>O Bootcamp integra tr\u00eas iniciativas principais:<\/p>\n\n\n\n<ul class=\"wp-block-list\">\n<li>Avalia\u00e7\u00e3o externa do FAB LAB HN<\/li>\n\n\n\n<li>Confer\u00eancia Internacional<\/li>\n\n\n\n<li>Encontro Nacional de FAB LAB<\/li>\n<\/ul>\n\n\n\n<!--more-->\n\n\n\n<p>A avalia\u00e7\u00e3o externa permitir\u00e1 concluir a instala\u00e7\u00e3o do FAB LAB HN, um projeto desenvolvido em parceria entre o Agrupamento de Escolas Henriques Nogueira, a C\u00e2mara Municipal de Torres Vedras e o Lab Aberto FAB LAB, representando um passo importante na integra\u00e7\u00e3o da fabrica\u00e7\u00e3o digital em contexto educativo.<\/p>\n\n\n\n<p>A confer\u00eancia internacional ir\u00e1 promover a discuss\u00e3o de tr\u00eas temas centrais:<\/p>\n\n\n\n<ul class=\"wp-block-list\">\n<li>Espa\u00e7os Flex\u00edveis de Aprendizagem<\/li>\n\n\n\n<li>Bem-estar mental<\/li>\n\n\n\n<li>Startups e inova\u00e7\u00e3o<\/li>\n<\/ul>\n\n\n\n<p>O programa inclui\u00a0 46 oficinas, 7 palestras e a participa\u00e7\u00e3o de especialistas e formadores de dez pa\u00edses, abordando \u00e1reas que v\u00e3o da fabrica\u00e7\u00e3o digital \u00e0 intelig\u00eancia artificial, impress\u00e3o 3D em metal, cer\u00e2mica, pr\u00f3teses para veterin\u00e1ria, manualidades, passando pela <strong>educa\u00e7\u00e3o, sustentabilidade, biomateriais, artesanato, design e artes.<\/strong><\/p>\n\n\n\n<p>Para al\u00e9m das sess\u00f5es de trabalho, o Bootcamp incluir\u00e1 momentos de partilha informal caracter\u00edsticos da cultura maker, como o<strong> Jantar Maker, Cocktails Maker, atividades colaborativas, encontros entre participantes e a festa na sexta-feira pelas 21:00.<\/strong><\/p>\n\n\n\n<p>As inscri\u00e7\u00f5es para o evento abrem no pr\u00f3ximo dia 9 de abril de 2026.<\/p>\n\n\n\n<p>Mais informa\u00e7\u00f5es:<br><a href=\"http:\/\/www.lababerto.pt\">www.lababerto.pt<br><\/a><a href=\"http:\/\/www.lababertobootcamp.pt\">www.lababertobootcamp.pt<br><\/a><a href=\"mailto:laberto@gmail.com\">lababerto@gmail.com<\/a><\/p>\n","protected":false},"excerpt":{"rendered":"<p>Lab Aberto Bootcamp 2026 re\u00fane comunidade internacional de FAB LAB em Torres Vedras O Lab Aberto FAB LAB anunciou hoje a realiza\u00e7\u00e3o do Lab Aberto Bootcamp 2026, que decorrer\u00e1 entre 15 e 19 de julho de 2026, em Torres Vedras. O evento reunir\u00e1 participantes de v\u00e1rios pa\u00edses para discutir o papel dos FAB LAB e &hellip; <\/p>\n","protected":false},"author":1,"featured_media":770,"parent":0,"menu_order":0,"comment_status":"closed","ping_status":"closed","template":"","meta":{"footnotes":""},"class_list":["post-775","page","type-page","status-publish","has-post-thumbnail","hentry","latest_post"],"_links":{"self":[{"href":"https:\/\/lababertobootcamp.pt\/index.php\/wp-json\/wp\/v2\/pages\/775","targetHints":{"allow":["GET"]}}],"collection":[{"href":"https:\/\/lababertobootcamp.pt\/index.php\/wp-json\/wp\/v2\/pages"}],"about":[{"href":"https:\/\/lababertobootcamp.pt\/index.php\/wp-json\/wp\/v2\/types\/page"}],"author":[{"embeddable":true,"href":"https:\/\/lababertobootcamp.pt\/index.php\/wp-json\/wp\/v2\/users\/1"}],"replies":[{"embeddable":true,"href":"https:\/\/lababertobootcamp.pt\/index.php\/wp-json\/wp\/v2\/comments?post=775"}],"version-history":[{"count":4,"href":"https:\/\/lababertobootcamp.pt\/index.php\/wp-json\/wp\/v2\/pages\/775\/revisions"}],"predecessor-version":[{"id":849,"href":"https:\/\/lababertobootcamp.pt\/index.php\/wp-json\/wp\/v2\/pages\/775\/revisions\/849"}],"wp:featuredmedia":[{"embeddable":true,"href":"https:\/\/lababertobootcamp.pt\/index.php\/wp-json\/wp\/v2\/media\/770"}],"wp:attachment":[{"href":"https:\/\/lababertobootcamp.pt\/index.php\/wp-json\/wp\/v2\/media?parent=775"}],"curies":[{"name":"wp","href":"https:\/\/api.w.org\/{rel}","templated":true}]}}